{"version":"1.0","provider_name":"Supereule - Platforma edukacyjna Mniejszo\u015bci Niemieckiej","provider_url":"https:\/\/supereule.pl\/de\/","author_name":"Edyta Opyd","author_url":"https:\/\/supereule.pl\/de\/author\/edyta\/","title":"Rechtsakte und Schreiben des Ministeriums f\u00fcr Bildung und Wissenschaft - Supereule - Platforma edukacyjna Mniejszo\u015bci Niemieckiej","type":"rich","width":600,"height":338,"html":"<blockquote class=\"wp-embedded-content\" data-secret=\"zSiRekkVSw\"><a href=\"https:\/\/supereule.pl\/de\/rechtsakte\/\">Rechtsakte und Schreiben des Ministeriums f\u00fcr Bildung und Wissenschaft<\/a><\/blockquote><iframe sandbox=\"allow-scripts\" security=\"restricted\" src=\"https:\/\/supereule.pl\/de\/rechtsakte\/embed\/#?secret=zSiRekkVSw\" width=\"600\" height=\"338\" title=\"&#8222;Rechtsakte und Schreiben des Ministeriums f\u00fcr Bildung und Wissenschaft&#8220; &#8211; Supereule - Platforma edukacyjna Mniejszo\u015bci Niemieckiej\" data-secret=\"zSiRekkVSw\" frameborder=\"0\" marginwidth=\"0\" marginheight=\"0\" scrolling=\"no\" class=\"wp-embedded-content\"><\/iframe><script type=\"text\/javascript\">\n\/*! This file is auto-generated *\/\n!function(d,l){\"use strict\";var e=!1,o=!1;if(l.querySelector)if(d.addEventListener)e=!0;if(d.wp=d.wp||{},!d.wp.receiveEmbedMessage)if(d.wp.receiveEmbedMessage=function(e){var t=e.data;if(t)if(t.secret||t.message||t.value)if(!\/[^a-zA-Z0-9]\/.test(t.secret)){for(var r,a,i,s=l.querySelectorAll('iframe[data-secret=\"'+t.secret+'\"]'),n=l.querySelectorAll('blockquote[data-secret=\"'+t.secret+'\"]'),o=new RegExp(\"^https?:$\",\"i\"),c=0;c<n.length;c++)n[c].style.display=\"none\";for(c=0;c<s.length;c++)if(r=s[c],e.source===r.contentWindow){if(r.removeAttribute(\"style\"),\"height\"===t.message){if(1e3<(i=parseInt(t.value,10)))i=1e3;else if(~~i<200)i=200;r.height=i}if(\"link\"===t.message)if(a=l.createElement(\"a\"),i=l.createElement(\"a\"),a.href=r.getAttribute(\"src\"),i.href=t.value,o.test(i.protocol))if(i.host===a.host)if(l.activeElement===r)d.top.location.href=t.value}}},e)d.addEventListener(\"message\",d.wp.receiveEmbedMessage,!1),l.addEventListener(\"DOMContentLoaded\",t,!1),d.addEventListener(\"load\",t,!1);function t(){if(!o){o=!0;for(var e,t,r,a=-1!==navigator.appVersion.indexOf(\"MSIE 10\"),i=!!navigator.userAgent.match(\/Trident.*rv:11\\.\/),s=l.querySelectorAll(\"iframe.wp-embedded-content\"),n=0;n<s.length;n++){if(!(r=(t=s[n]).getAttribute(\"data-secret\")))r=Math.random().toString(36).substr(2,10),t.src+=\"#?secret=\"+r,t.setAttribute(\"data-secret\",r);if(a||i)(e=t.cloneNode(!0)).removeAttribute(\"security\"),t.parentNode.replaceChild(e,t);t.contentWindow.postMessage({message:\"ready\",secret:r},\"*\")}}}}(window,document);\n<\/script>\n","thumbnail_url":"https:\/\/supereule.pl\/wp-content\/uploads\/2022\/03\/prawo.jpg","thumbnail_width":400,"thumbnail_height":250,"description":"Rechtsgrundlagen f\u00fcr den Minderheitensprachunterricht Verfassung der Republik Polen, Artikel 35 Gesetz vom 7. September 1991 \u00fcber das Bildungssystem. Artikel 13 Das Gesetz vom 6. Januar 2005 \u00fcber nationale und ethnische Minderheiten sowie \u00fcber Regionalsprache, Artikel 2.1, Artikel 6.1, Artikel 8 Verordnung des Bildungsministers vom 18. August 2017\u00fcber die Bedingungen und die Art und Weise der [&hellip;]"}