{"version":"1.0","provider_name":"Supereule - Platforma edukacyjna Mniejszo\u015bci Niemieckiej","provider_url":"https:\/\/supereule.pl\/de\/","author_name":"Maria Smarzoch","author_url":"https:\/\/supereule.pl\/de\/author\/maria-smarzochvdg-pl\/","title":"ELOm \u2013 Bewerbungsphase l\u00e4uft - Supereule - Platforma edukacyjna Mniejszo\u015bci Niemieckiej","type":"rich","width":600,"height":338,"html":"<blockquote class=\"wp-embedded-content\" data-secret=\"Ra6l3VARYx\"><a href=\"https:\/\/supereule.pl\/de\/elom-bewerbungsphase-laeuft\/\">ELOm \u2013 Bewerbungsphase l\u00e4uft<\/a><\/blockquote><iframe sandbox=\"allow-scripts\" security=\"restricted\" src=\"https:\/\/supereule.pl\/de\/elom-bewerbungsphase-laeuft\/embed\/#?secret=Ra6l3VARYx\" width=\"600\" height=\"338\" title=\"&#8222;ELOm \u2013 Bewerbungsphase l\u00e4uft&#8220; &#8211; Supereule - Platforma edukacyjna Mniejszo\u015bci Niemieckiej\" data-secret=\"Ra6l3VARYx\" frameborder=\"0\" marginwidth=\"0\" marginheight=\"0\" scrolling=\"no\" class=\"wp-embedded-content\"><\/iframe><script type=\"text\/javascript\">\n\/*! This file is auto-generated *\/\n!function(d,l){\"use strict\";var e=!1,o=!1;if(l.querySelector)if(d.addEventListener)e=!0;if(d.wp=d.wp||{},!d.wp.receiveEmbedMessage)if(d.wp.receiveEmbedMessage=function(e){var t=e.data;if(t)if(t.secret||t.message||t.value)if(!\/[^a-zA-Z0-9]\/.test(t.secret)){for(var r,a,i,s=l.querySelectorAll('iframe[data-secret=\"'+t.secret+'\"]'),n=l.querySelectorAll('blockquote[data-secret=\"'+t.secret+'\"]'),o=new RegExp(\"^https?:$\",\"i\"),c=0;c<n.length;c++)n[c].style.display=\"none\";for(c=0;c<s.length;c++)if(r=s[c],e.source===r.contentWindow){if(r.removeAttribute(\"style\"),\"height\"===t.message){if(1e3<(i=parseInt(t.value,10)))i=1e3;else if(~~i<200)i=200;r.height=i}if(\"link\"===t.message)if(a=l.createElement(\"a\"),i=l.createElement(\"a\"),a.href=r.getAttribute(\"src\"),i.href=t.value,o.test(i.protocol))if(i.host===a.host)if(l.activeElement===r)d.top.location.href=t.value}}},e)d.addEventListener(\"message\",d.wp.receiveEmbedMessage,!1),l.addEventListener(\"DOMContentLoaded\",t,!1),d.addEventListener(\"load\",t,!1);function t(){if(!o){o=!0;for(var e,t,r,a=-1!==navigator.appVersion.indexOf(\"MSIE 10\"),i=!!navigator.userAgent.match(\/Trident.*rv:11\\.\/),s=l.querySelectorAll(\"iframe.wp-embedded-content\"),n=0;n<s.length;n++){if(!(r=(t=s[n]).getAttribute(\"data-secret\")))r=Math.random().toString(36).substr(2,10),t.src+=\"#?secret=\"+r,t.setAttribute(\"data-secret\",r);if(a||i)(e=t.cloneNode(!0)).removeAttribute(\"security\"),t.parentNode.replaceChild(e,t);t.contentWindow.postMessage({message:\"ready\",secret:r},\"*\")}}}}(window,document);\n<\/script>\n","thumbnail_url":"https:\/\/supereule.pl\/wp-content\/uploads\/2026\/04\/678418904_1448448537082706_7749115398299439189_n.jpg","thumbnail_width":1080,"thumbnail_height":1350,"description":"ELOm is back! Die Bewerbung f\u00fcr die 10. Jubil\u00e4umsausgabe des Leadership-Programms f\u00fcr junge Mitglieder der deutschen Minderheit ist gestartet! Das ist kein gew\u00f6hnliches Projekt \u2013 sondern ein Raum f\u00fcr alle, die aktiv werden, Erfahrungen sammeln und etwas bewegen wollen. Im Programm u. a.: 5-t\u00e4gige Leadership School in \u015awinouj\u015bcie, Trainings und Workshops zur Kompetenzentwicklung, eigenes soziales [&hellip;]"}